{"id":9120,"date":"2024-08-28T23:05:05","date_gmt":"2024-08-28T21:05:05","guid":{"rendered":"https:\/\/focusmediabcn.cat\/es\/?page_id=9120"},"modified":"2025-02-08T09:45:48","modified_gmt":"2025-02-08T07:45:48","slug":"focus-media-studio","status":"publish","type":"page","link":"https:\/\/focusmediabcn.cat\/es\/focus-media-studio\/","title":{"rendered":"Focus Media Studio"},"content":{"rendered":"\n[et_pb_section fb_built=\u00bb1&#8243; fullwidth=\u00bbon\u00bb _builder_version=\u00bb4.27.0&#8243; _module_preset=\u00bbdefault\u00bb locked=\u00bboff\u00bb global_colors_info=\u00bb{}\u00bb][et_pb_fullwidth_slider show_pagination=\u00bboff\u00bb arrows_custom_color=\u00bbrgba(255,255,255,0.59)\u00bb _builder_version=\u00bb4.27.0&#8243; _module_preset=\u00bbdefault\u00bb header_level=\u00bbh3&#8243; header_font=\u00bb||||||||\u00bb header_font_size=\u00bb77px\u00bb custom_padding=\u00bb17%||17%||true|false\u00bb custom_padding_tablet=\u00bb17%||17%||true|false\u00bb custom_padding_phone=\u00bb23%||23%||true|false\u00bb custom_padding_last_edited=\u00bbon|desktop\u00bb hover_enabled=\u00bb0&#8243; header_font_size_tablet=\u00bb57px\u00bb header_font_size_phone=\u00bb37px\u00bb header_font_size_last_edited=\u00bbon|desktop\u00bb global_colors_info=\u00bb{}\u00bb sticky_enabled=\u00bb0&#8243;][et_pb_slide heading=\u00bbPostproducci\u00f3n de sonido\u00bb _builder_version=\u00bb4.27.0&#8243; _module_preset=\u00bbdefault\u00bb header_level=\u00bbh3&#8243; background_enable_color=\u00bboff\u00bb use_background_color_gradient=\u00bbon\u00bb background_color_gradient_stops=\u00bbrgba(28,28,28,0) 0%|rgba(28, 28, 28, 0.19) 67%|#1c1c1c 100%\u00bb background_image=\u00bbhttps:\/\/focusmediabcn.cat\/es\/wp-content\/uploads\/sites\/3\/2024\/08\/Pantalla-mesa-y-monitor-de-estudio-de-grabacion.jpg\u00bb background_enable_image=\u00bbon\u00bb background_blend=\u00bbmultiply\u00bb hover_enabled=\u00bb0&#8243; header_font_size_tablet=\u00bb\u00bb header_font_size_phone=\u00bb\u00bb header_font_size_last_edited=\u00bbon|phone\u00bb global_colors_info=\u00bb{}\u00bb sticky_transition=\u00bbon\u00bb sticky_enabled=\u00bb0&#8243;][\/et_pb_slide][et_pb_slide heading=\u00bbProducci\u00f3n audiovisual para TV\u00bb _builder_version=\u00bb4.27.0&#8243; _module_preset=\u00bbdefault\u00bb header_level=\u00bbh3&#8243; background_image=\u00bbhttps:\/\/focusmediabcn.cat\/es\/wp-content\/uploads\/sites\/3\/2024\/08\/captura-de-plano-documenta-afers-exteriors-produccion-audiovisual.jpg\u00bb background_enable_image=\u00bbon\u00bb global_colors_info=\u00bb{}\u00bb sticky_transition=\u00bbon\u00bb][\/et_pb_slide][et_pb_slide heading=\u00bbAnimaci\u00f3n\u00bb _builder_version=\u00bb4.27.0&#8243; _module_preset=\u00bbdefault\u00bb header_level=\u00bbh3&#8243; background_enable_color=\u00bboff\u00bb use_background_color_gradient=\u00bbon\u00bb background_color_gradient_stops=\u00bbrgba(28,28,28,0) 0%|rgba(28, 28, 28, 0.19) 67%|#1c1c1c 100%\u00bb background_image=\u00bbhttps:\/\/focusmediabcn.cat\/es\/wp-content\/uploads\/sites\/3\/2024\/08\/animacion-video-animacion3d-produccion-de-video.jpg\u00bb background_enable_image=\u00bbon\u00bb background_blend=\u00bbmultiply\u00bb hover_enabled=\u00bb0&#8243; global_colors_info=\u00bb{}\u00bb sticky_transition=\u00bbon\u00bb sticky_enabled=\u00bb0&#8243;][\/et_pb_slide][et_pb_slide heading=\u00bbProducci\u00f3n de publicidad\u00bb _builder_version=\u00bb4.27.0&#8243; _module_preset=\u00bbdefault\u00bb header_level=\u00bbh3&#8243; background_enable_color=\u00bboff\u00bb use_background_color_gradient=\u00bbon\u00bb background_color_gradient_stops=\u00bbrgba(28,28,28,0) 0%|rgba(28, 28, 28, 0.19) 57%|#1c1c1c 90%\u00bb background_image=\u00bbhttps:\/\/focusmediabcn.cat\/es\/wp-content\/uploads\/sites\/3\/2024\/08\/plano-de-spot-publicitario-com-fondo-difuminado.jpg\u00bb background_enable_image=\u00bbon\u00bb background_blend=\u00bbmultiply\u00bb global_colors_info=\u00bb{}\u00bb sticky_transition=\u00bbon\u00bb][\/et_pb_slide][et_pb_slide heading=\u00bbV\u00eddeo mapping\u00bb _builder_version=\u00bb4.27.0&#8243; _module_preset=\u00bbdefault\u00bb header_level=\u00bbh3&#8243; background_enable_color=\u00bboff\u00bb use_background_color_gradient=\u00bbon\u00bb background_color_gradient_stops=\u00bbrgba(28,28,28,0) 0%|rgba(28, 28, 28, 0.19) 57%|#1c1c1c 90%\u00bb background_image=\u00bbhttps:\/\/focusmediabcn.cat\/es\/wp-content\/uploads\/sites\/3\/2024\/08\/Mercedes-Benz-Audiovisual-Services-Mapping-y-Sound-Design.jpg\u00bb background_enable_image=\u00bbon\u00bb background_blend=\u00bbmultiply\u00bb global_colors_info=\u00bb{}\u00bb sticky_transition=\u00bbon\u00bb][\/et_pb_slide][\/et_pb_fullwidth_slider][\/et_pb_section][et_pb_section fb_built=\u00bb1&#8243; admin_label=\u00bbHero\u00bb _builder_version=\u00bb4.27.0&#8243; _module_preset=\u00bbdefault\u00bb background_color=\u00bb#1c1c1c\u00bb custom_padding=\u00bb7%|0px|7%|0px|true|false\u00bb global_colors_info=\u00bb{}\u00bb][et_pb_row _builder_version=\u00bb4.25.2&#8243; _module_preset=\u00bb110fa896-91e2-4158-bc24-2b0be569c44e\u00bb custom_padding=\u00bb||0px|||\u00bb global_colors_info=\u00bb{}\u00bb][et_pb_column type=\u00bb4_4&#8243; _builder_version=\u00bb4.25.2&#8243; _module_preset=\u00bbdefault\u00bb global_colors_info=\u00bb{}\u00bb][et_pb_heading title=\u00bbFOCUS MEDIA STUDIO\u00bb _builder_version=\u00bb4.27.0&#8243; _module_preset=\u00bb9e149f27-ef10-4fb6-b50e-112a987dafec\u00bb title_level=\u00bbh3&#8243; title_font=\u00bbUxumGrotesque-Medium|||on|||||\u00bb title_text_color=\u00bb#FFFFFF\u00bb title_font_size=\u00bb14px\u00bb title_font_size_tablet=\u00bb37px\u00bb title_font_size_phone=\u00bb27px\u00bb title_font_size_last_edited=\u00bboff|desktop\u00bb locked=\u00bboff\u00bb global_colors_info=\u00bb{}\u00bb][\/et_pb_heading][et_pb_text _builder_version=\u00bb4.27.0&#8243; _module_preset=\u00bb31918545-c554-4414-9581-e279f1a6c52f\u00bb header_font=\u00bbUxumGrotesque-Bold||||||||\u00bb header_text_color=\u00bb#FFFFFF\u00bb header_font_size=\u00bb77px\u00bb header_2_font=\u00bb|700|||||||\u00bb header_2_text_align=\u00bbleft\u00bb header_2_text_color=\u00bb#1c1c1c\u00bb header_2_font_size=\u00bb77px\u00bb header_font_size_tablet=\u00bb57px\u00bb header_font_size_phone=\u00bb37px\u00bb header_font_size_last_edited=\u00bbon|phone\u00bb header_2_font_size_tablet=\u00bb57px\u00bb header_2_font_size_phone=\u00bb37px\u00bb header_2_font_size_last_edited=\u00bbon|tablet\u00bb locked=\u00bboff\u00bb global_colors_info=\u00bb{}\u00bb]<h1>Producci\u00f3n audiovisual en Barcelona<\/h1>[\/et_pb_text][\/et_pb_column][\/et_pb_row][et_pb_row column_structure=\u00bb1_2,1_2&#8243; _builder_version=\u00bb4.26.0&#8243; _module_preset=\u00bbdefault\u00bb width=\u00bb90%\u00bb max_width=\u00bb1500px\u00bb custom_padding=\u00bb|||\u00bb global_colors_info=\u00bb{}\u00bb][et_pb_column type=\u00bb1_2&#8243; _builder_version=\u00bb4.16&#8243; _module_preset=\u00bbdefault\u00bb custom_padding=\u00bb||60px|\u00bb global_colors_info=\u00bb{}\u00bb custom_padding__hover=\u00bb|||\u00bb][et_pb_text _builder_version=\u00bb4.27.0&#8243; _module_preset=\u00bbdefault\u00bb text_font=\u00bb||||||||\u00bb text_text_color=\u00bb#FFFFFF\u00bb text_font_size=\u00bb17px\u00bb text_line_height=\u00bb1.4em\u00bb link_text_color=\u00bb#FFFFFF\u00bb header_font=\u00bb||||||||\u00bb header_text_color=\u00bb#000000&#8243; header_font_size=\u00bb36px\u00bb header_line_height=\u00bb1.4em\u00bb header_2_text_color=\u00bb#FFFFFF\u00bb header_2_font_size=\u00bb37px\u00bb background_layout=\u00bbdark\u00bb max_width=\u00bb550px\u00bb header_2_font_size_tablet=\u00bb27px\u00bb header_2_font_size_phone=\u00bb23px\u00bb header_2_font_size_last_edited=\u00bbon|phone\u00bb global_colors_info=\u00bb{}\u00bb]<h2>Su producci\u00f3n en las mejores manos<\/h2>\n<p>Damos un conjunto de servicios integrados que se resumen en una soluci\u00f3n completa para cualquier necesidad audiovisual, desde la conceptualizaci\u00f3n hasta la producci\u00f3n y postproducci\u00f3n, garantizando la m\u00e1xima calidad e innovaci\u00f3n en cada proyecto.<\/p>[\/et_pb_text][\/et_pb_column][et_pb_column type=\u00bb1_2&#8243; _builder_version=\u00bb4.16&#8243; _module_preset=\u00bbdefault\u00bb custom_padding=\u00bb|||\u00bb global_colors_info=\u00bb{}\u00bb custom_padding__hover=\u00bb|||\u00bb][et_pb_image src=\u00bbhttps:\/\/focusmediabcn.cat\/es\/wp-content\/uploads\/sites\/3\/2024\/08\/Manos-de-ingeniera-de-sonido-sobre-controladora.jpg\u00bb alt=\u00bbFocus Media Studio\u00bb title_text=\u00bbManos-de-ingeniera-de-sonido-sobre-controladora\u00bb show_bottom_space=\u00bboff\u00bb force_fullwidth=\u00bbon\u00bb align_tablet=\u00bbcenter\u00bb align_phone=\u00bbcenter\u00bb align_last_edited=\u00bbon|desktop\u00bb _builder_version=\u00bb4.27.0&#8243; _module_preset=\u00bbdefault\u00bb animation_style=\u00bbslide\u00bb animation_direction=\u00bbleft\u00bb animation_intensity_slide=\u00bb10%\u00bb global_colors_info=\u00bb{}\u00bb][\/et_pb_image][\/et_pb_column][\/et_pb_row][\/et_pb_section][et_pb_section fb_built=\u00bb1&#8243; admin_label=\u00bbCall to Action\u00bb _builder_version=\u00bb4.27.0&#8243; _module_preset=\u00bbe27a811f-94c3-4439-8734-be005632e782&#8243; background_color=\u00bb#1c1c1c\u00bb background_enable_image=\u00bboff\u00bb custom_margin=\u00bb||||false\u00bb custom_padding=\u00bb7%||7%||true|false\u00bb locked=\u00bboff\u00bb collapsed=\u00bbon\u00bb global_colors_info=\u00bb{%22gcid-2352d280-fe84-43b1-a71e-f400c35a526a%22:%91%22background_color_gradient_stops%22,%22background_color_gradient_stops%22%93}\u00bb][et_pb_row disabled_on=\u00bboff|off|off\u00bb _builder_version=\u00bb4.26.0&#8243; _module_preset=\u00bbdefault\u00bb global_colors_info=\u00bb{}\u00bb][et_pb_column type=\u00bb4_4&#8243; _builder_version=\u00bb4.25.1&#8243; _module_preset=\u00bbdefault\u00bb global_colors_info=\u00bb{}\u00bb][et_pb_text _builder_version=\u00bb4.27.0&#8243; _module_preset=\u00bbdefault\u00bb header_2_font=\u00bbUxumGrotesque-Light|500||on|||||\u00bb header_2_text_color=\u00bb#FFFFFF\u00bb header_2_font_size=\u00bb37px\u00bb header_2_letter_spacing=\u00bb1px\u00bb header_2_line_height=\u00bb1.4em\u00bb header_3_font=\u00bbUxumGrotesque-Light|500|||||||\u00bb header_3_text_color=\u00bb#FFFFFF\u00bb header_3_font_size=\u00bb37px\u00bb header_3_line_height=\u00bb1.2em\u00bb custom_margin=\u00bb|0px||0px|false|false\u00bb custom_padding=\u00bb1%||0px||false|false\u00bb animation_style=\u00bbfade\u00bb scroll_fade_enable=\u00bbon\u00bb scroll_blur_enable=\u00bbon\u00bb header_2_font_size_tablet=\u00bb27px\u00bb header_2_font_size_phone=\u00bb21px\u00bb header_2_font_size_last_edited=\u00bbon|phone\u00bb header_3_font_size_tablet=\u00bb27px\u00bb header_3_font_size_phone=\u00bb21px\u00bb header_3_font_size_last_edited=\u00bbon|desktop\u00bb locked=\u00bboff\u00bb global_colors_info=\u00bb{}\u00bb title_font_size_tablet=\u00bb27px\u00bb title_font_size_phone=\u00bb21px\u00bb title_font_size_last_edited=\u00bbon|phone\u00bb]<h2>Trabajamos con agencias, productores de TV y documentales, empresas y medios, ofreciendo nuestros servicios de producci\u00f3n audiovisual para todo tipo de proyectos y tecnolog\u00edas.<\/h2>[\/et_pb_text][\/et_pb_column][\/et_pb_row][\/et_pb_section][et_pb_section fb_built=\u00bb1&#8243; admin_label=\u00bbServices-01&#8243; _builder_version=\u00bb4.27.0&#8243; _module_preset=\u00bbdefault\u00bb background_color=\u00bbgcid-0a16f640-0e05-464a-b04d-36bb60a3728d\u00bb background_enable_image=\u00bboff\u00bb custom_padding=\u00bb7%||7%||true|false\u00bb locked=\u00bboff\u00bb global_colors_info=\u00bb{%22gcid-0a16f640-0e05-464a-b04d-36bb60a3728d%22:%91%22background_color%22%93}\u00bb][et_pb_row column_structure=\u00bb1_2,1_2&#8243; _builder_version=\u00bb4.25.2&#8243; _module_preset=\u00bba446f686-790a-4338-bf66-1746a1036e31&#8243; global_colors_info=\u00bb{}\u00bb][et_pb_column type=\u00bb1_2&#8243; _builder_version=\u00bb4.25.2&#8243; _module_preset=\u00bbdefault\u00bb global_colors_info=\u00bb{}\u00bb][et_pb_text _builder_version=\u00bb4.27.0&#8243; _module_preset=\u00bbdefault\u00bb header_6_text_color=\u00bbrgba(143,143,143,0.5)\u00bb header_6_font_size=\u00bb197px\u00bb custom_margin=\u00bb||-13%||false|false\u00bb custom_margin_tablet=\u00bb||-9%||false|false\u00bb custom_margin_phone=\u00bb||-15%||false|false\u00bb custom_margin_last_edited=\u00bbon|tablet\u00bb header_6_font_size_tablet=\u00bb167px\u00bb header_6_font_size_phone=\u00bb157px\u00bb header_6_font_size_last_edited=\u00bbon|phone\u00bb global_colors_info=\u00bb{}\u00bb]<h6>01<\/h6>[\/et_pb_text][et_pb_heading title=\u00bbProducci\u00f3n audiovisual\u00bb _builder_version=\u00bb4.27.0&#8243; _module_preset=\u00bb9e149f27-ef10-4fb6-b50e-112a987dafec\u00bb title_font=\u00bb||||||||\u00bb title_text_color=\u00bb#FFFFFF\u00bb title_font_size=\u00bb47px\u00bb title_font_size_tablet=\u00bb37px\u00bb title_font_size_phone=\u00bb27px\u00bb global_colors_info=\u00bb{}\u00bb][\/et_pb_heading][et_pb_text _builder_version=\u00bb4.27.0&#8243; _module_preset=\u00bbdefault\u00bb text_font=\u00bb||||||||\u00bb text_text_color=\u00bb#FFFFFF\u00bb text_font_size=\u00bb17px\u00bb text_line_height=\u00bb1.4em\u00bb link_text_color=\u00bb#ffffff\u00bb header_font=\u00bb||||||||\u00bb background_size=\u00bbinitial\u00bb background_position=\u00bbtop_left\u00bb background_repeat=\u00bbrepeat\u00bb custom_margin=\u00bb||3%||false|false\u00bb animation_direction=\u00bbtop\u00bb locked=\u00bboff\u00bb global_colors_info=\u00bb{}\u00bb]<p>Nos encargamos de la creaci\u00f3n de producciones audiovisuales para formatos y tecnolog\u00edas diversas, aplicadas en contenidos para medios, espacios y eventos sociales de todo tipo. Ofrecemos servicios para publicidad, documentales, promociones, grabaci\u00f3n de contenidos, making-off, acciones especiales, street marketing y adaptaci\u00f3n de contenidos para exposiciones y eventos corporativos. Adem\u00e1s incorporamos realidad aumentada e inteligencia artificial en nuestros proyectos, colaborando con marcas l\u00edderes y agencias de distintos sectores.<\/p>[\/et_pb_text][et_pb_button button_url=\u00bbhttps:\/\/focusmediabcn.cat\/es\/produccion-audiovisual\u00bb button_text=\u00bbVer m\u00e1s\u00bb button_alignment=\u00bbleft\u00bb _builder_version=\u00bb4.27.0&#8243; _module_preset=\u00bbff86f84e-00a8-42ee-9fea-19222579455b\u00bb button_text_size=\u00bb17px\u00bb button_text_color=\u00bb#FFFFFF\u00bb button_bg_color=\u00bbRGBA(255,255,255,0)\u00bb button_font=\u00bbUxumGrotesque-Light|600|||||||\u00bb custom_padding=\u00bb1%|0px|3%|0px|false|true\u00bb button_text_size_tablet=\u00bb15px\u00bb button_text_size_phone=\u00bb15px\u00bb button_text_size_last_edited=\u00bbon|phone\u00bb locked=\u00bboff\u00bb][\/et_pb_button][\/et_pb_column][et_pb_column type=\u00bb1_2&#8243; _builder_version=\u00bb4.25.2&#8243; _module_preset=\u00bbdefault\u00bb global_colors_info=\u00bb{}\u00bb][et_pb_image src=\u00bbhttps:\/\/focusmediabcn.cat\/es\/wp-content\/uploads\/sites\/3\/2024\/08\/Mercedes-Benz-Audiovisual-Services-Mapping-y-Sound-Design.jpg\u00bb alt=\u00bbFocus Media Studio\u00bb align=\u00bbcenter\u00bb force_fullwidth=\u00bbon\u00bb _builder_version=\u00bb4.27.0&#8243; _module_preset=\u00bbdefault\u00bb global_colors_info=\u00bb{}\u00bb][\/et_pb_image][\/et_pb_column][\/et_pb_row][\/et_pb_section][et_pb_section fb_built=\u00bb1&#8243; admin_label=\u00bbServices-02&#8243; _builder_version=\u00bb4.26.0&#8243; _module_preset=\u00bbdefault\u00bb background_color=\u00bbgcid-b6c4f12c-f25d-4f61-9fb1-6e96404634cd\u00bb custom_padding=\u00bb7%||7%||true|false\u00bb locked=\u00bboff\u00bb global_colors_info=\u00bb{%22gcid-b6c4f12c-f25d-4f61-9fb1-6e96404634cd%22:%91%22background_color%22%93}\u00bb][et_pb_row column_structure=\u00bb1_2,1_2&#8243; _builder_version=\u00bb4.26.0&#8243; _module_preset=\u00bba446f686-790a-4338-bf66-1746a1036e31&#8243; global_colors_info=\u00bb{}\u00bb custom_css_main_element_last_edited=\u00bbon|tablet\u00bb custom_css_main_element_tablet=\u00bbdisplay: flex;||flex-direction: column-reverse;\u00bb custom_css_main_element_phone=\u00bbdisplay: flex;||flex-direction: column-reverse;\u00bb][et_pb_column type=\u00bb1_2&#8243; _builder_version=\u00bb4.25.2&#8243; _module_preset=\u00bbdefault\u00bb global_colors_info=\u00bb{}\u00bb][et_pb_image src=\u00bbhttps:\/\/focusmediabcn.cat\/es\/wp-content\/uploads\/sites\/3\/2024\/08\/Sala-de-produccion-de-video.jpg\u00bb alt=\u00bbAnimaci\u00f3n 2D i 3D\u00bb align=\u00bbcenter\u00bb force_fullwidth=\u00bbon\u00bb _builder_version=\u00bb4.27.0&#8243; _module_preset=\u00bbdefault\u00bb global_colors_info=\u00bb{}\u00bb][\/et_pb_image][\/et_pb_column][et_pb_column type=\u00bb1_2&#8243; _builder_version=\u00bb4.25.2&#8243; _module_preset=\u00bbdefault\u00bb global_colors_info=\u00bb{}\u00bb][et_pb_text _builder_version=\u00bb4.27.0&#8243; _module_preset=\u00bbdefault\u00bb header_6_text_color=\u00bbrgba(143,143,143,0.5)\u00bb header_6_font_size=\u00bb197px\u00bb custom_margin=\u00bb||-13%||false|false\u00bb custom_margin_tablet=\u00bb||-9%||false|false\u00bb custom_margin_phone=\u00bb||-15%||false|false\u00bb custom_margin_last_edited=\u00bbon|tablet\u00bb header_6_font_size_tablet=\u00bb167px\u00bb header_6_font_size_phone=\u00bb157px\u00bb header_6_font_size_last_edited=\u00bbon|phone\u00bb global_colors_info=\u00bb{}\u00bb]<h6>02<\/h6>[\/et_pb_text][et_pb_heading title=\u00bbGrabaci\u00f3n y edici\u00f3n de v\u00eddeo\u00bb _builder_version=\u00bb4.27.0&#8243; _module_preset=\u00bb9e149f27-ef10-4fb6-b50e-112a987dafec\u00bb title_font=\u00bb||||||||\u00bb title_font_size=\u00bb47px\u00bb title_font_size_tablet=\u00bb37px\u00bb title_font_size_phone=\u00bb27px\u00bb global_colors_info=\u00bb{}\u00bb][\/et_pb_heading][et_pb_text _builder_version=\u00bb4.27.0&#8243; _module_preset=\u00bbdefault\u00bb text_font=\u00bb||||||||\u00bb text_text_color=\u00bb#000000&#8243; text_font_size=\u00bb17px\u00bb text_line_height=\u00bb1.4em\u00bb header_font=\u00bb||||||||\u00bb background_size=\u00bbinitial\u00bb background_position=\u00bbtop_left\u00bb background_repeat=\u00bbrepeat\u00bb custom_margin=\u00bb||3%||false|false\u00bb animation_direction=\u00bbtop\u00bb locked=\u00bboff\u00bb global_colors_info=\u00bb{}\u00bb]<p>Ofrecemos todos los servicios de grabaci\u00f3n y edici\u00f3n de v\u00eddeo, animaci\u00f3n, realizaci\u00f3n audiovisual, ilustraci\u00f3n y redacci\u00f3n de contenidos para campa\u00f1as audiovisuales, v\u00eddeos publicitarios, v\u00eddeos animados y v\u00eddeos corporativos. Aseguramos calidad, innovaci\u00f3n y adaptabilidad a las necesidades de cada cliente, combinando narrativa visual con las \u00faltimas tecnolog\u00edas.<\/p>[\/et_pb_text][et_pb_button button_url=\u00bbhttps:\/\/focusmediabcn.cat\/es\/grabacion-y-edicion-de-video\u00bb button_text=\u00bbVer m\u00e1s\u00bb button_alignment=\u00bbleft\u00bb _builder_version=\u00bb4.27.0&#8243; _module_preset=\u00bbff86f84e-00a8-42ee-9fea-19222579455b\u00bb button_text_size=\u00bb17px\u00bb button_text_color=\u00bb#1c1c1c\u00bb button_bg_color=\u00bbRGBA(255,255,255,0)\u00bb button_font=\u00bbUxumGrotesque-Light|600|||||||\u00bb custom_padding=\u00bb1%|0px|3%|0px|false|true\u00bb custom_padding_phone=\u00bb|||||false\u00bb custom_padding_last_edited=\u00bboff|desktop\u00bb button_text_size_tablet=\u00bb15px\u00bb button_text_size_phone=\u00bb15px\u00bb button_text_size_last_edited=\u00bbon|phone\u00bb locked=\u00bboff\u00bb][\/et_pb_button][\/et_pb_column][\/et_pb_row][\/et_pb_section][et_pb_section fb_built=\u00bb1&#8243; admin_label=\u00bbServices-01&#8243; _builder_version=\u00bb4.27.0&#8243; _module_preset=\u00bbdefault\u00bb background_color=\u00bbgcid-0a16f640-0e05-464a-b04d-36bb60a3728d\u00bb background_enable_image=\u00bboff\u00bb custom_padding=\u00bb7%||7%||true|false\u00bb locked=\u00bboff\u00bb global_colors_info=\u00bb{%22gcid-0a16f640-0e05-464a-b04d-36bb60a3728d%22:%91%22background_color%22%93}\u00bb][et_pb_row column_structure=\u00bb1_2,1_2&#8243; _builder_version=\u00bb4.25.2&#8243; _module_preset=\u00bba446f686-790a-4338-bf66-1746a1036e31&#8243; global_colors_info=\u00bb{}\u00bb][et_pb_column type=\u00bb1_2&#8243; _builder_version=\u00bb4.25.2&#8243; _module_preset=\u00bbdefault\u00bb global_colors_info=\u00bb{}\u00bb][et_pb_text _builder_version=\u00bb4.27.0&#8243; _module_preset=\u00bbdefault\u00bb header_6_text_color=\u00bbrgba(143,143,143,0.5)\u00bb header_6_font_size=\u00bb197px\u00bb custom_margin=\u00bb||-13%||false|false\u00bb custom_margin_tablet=\u00bb||-9%||false|false\u00bb custom_margin_phone=\u00bb||-15%||false|false\u00bb custom_margin_last_edited=\u00bbon|tablet\u00bb animation_style=\u00bbfade\u00bb header_6_font_size_tablet=\u00bb167px\u00bb header_6_font_size_phone=\u00bb157px\u00bb header_6_font_size_last_edited=\u00bbon|phone\u00bb global_colors_info=\u00bb{}\u00bb]<h6>03<\/h6>[\/et_pb_text][et_pb_heading title=\u00bbAnimaci\u00f3n 2D y 3D\u00bb _builder_version=\u00bb4.27.0&#8243; _module_preset=\u00bb9e149f27-ef10-4fb6-b50e-112a987dafec\u00bb title_font=\u00bb||||||||\u00bb title_text_color=\u00bb#FFFFFF\u00bb title_font_size=\u00bb47px\u00bb title_font_size_tablet=\u00bb37px\u00bb title_font_size_phone=\u00bb27px\u00bb global_colors_info=\u00bb{}\u00bb][\/et_pb_heading][et_pb_text _builder_version=\u00bb4.27.0&#8243; _module_preset=\u00bbdefault\u00bb text_font=\u00bb||||||||\u00bb text_text_color=\u00bb#FFFFFF\u00bb text_font_size=\u00bb17px\u00bb text_line_height=\u00bb1.4em\u00bb header_font=\u00bb||||||||\u00bb background_size=\u00bbinitial\u00bb background_position=\u00bbtop_left\u00bb background_repeat=\u00bbrepeat\u00bb custom_margin=\u00bb||3%||false|false\u00bb animation_style=\u00bbslide\u00bb animation_direction=\u00bbtop\u00bb animation_intensity_slide=\u00bb17%\u00bb locked=\u00bboff\u00bb global_colors_info=\u00bb{}\u00bb]<p>Con dise\u00f1o y animaci\u00f3n en 2D y 3D, producimos v\u00eddeos corporativos, publicidad, promocionales, contenidos para redes sociales y motion graphics en general. Creamos visuales din\u00e1micos que dan vida a las ideas de nuestros clientes, mejorando el impacto y el atractivo de sus contenidos.<\/p>[\/et_pb_text][et_pb_button button_url=\u00bbhttps:\/\/focusmediabcn.cat\/es\/animacion-de-video-2d-y-3d\u00bb button_text=\u00bbVer m\u00e1s\u00bb button_alignment=\u00bbleft\u00bb _builder_version=\u00bb4.27.0&#8243; _module_preset=\u00bbff86f84e-00a8-42ee-9fea-19222579455b\u00bb button_text_size=\u00bb17px\u00bb button_text_color=\u00bb#FFFFFF\u00bb button_bg_color=\u00bbRGBA(255,255,255,0)\u00bb button_font=\u00bbUxumGrotesque-Light|600|||||||\u00bb custom_padding=\u00bb1%|0px|3%|0px|false|true\u00bb button_text_size_tablet=\u00bb15px\u00bb button_text_size_phone=\u00bb15px\u00bb button_text_size_last_edited=\u00bbon|phone\u00bb locked=\u00bboff\u00bb][\/et_pb_button][\/et_pb_column][et_pb_column type=\u00bb1_2&#8243; _builder_version=\u00bb4.25.2&#8243; _module_preset=\u00bbdefault\u00bb global_colors_info=\u00bb{}\u00bb][et_pb_image src=\u00bbhttps:\/\/focusmediabcn.cat\/es\/wp-content\/uploads\/sites\/3\/2024\/08\/animacion-video-animacion3d-produccion-de-video.jpg\u00bb alt=\u00bbFocus Media Studio\u00bb align=\u00bbcenter\u00bb force_fullwidth=\u00bbon\u00bb _builder_version=\u00bb4.27.0&#8243; _module_preset=\u00bbdefault\u00bb global_colors_info=\u00bb{}\u00bb][\/et_pb_image][\/et_pb_column][\/et_pb_row][\/et_pb_section][et_pb_section fb_built=\u00bb1&#8243; admin_label=\u00bbServices-04&#8243; _builder_version=\u00bb4.26.0&#8243; _module_preset=\u00bbdefault\u00bb background_color=\u00bbgcid-b6c4f12c-f25d-4f61-9fb1-6e96404634cd\u00bb custom_padding=\u00bb7%||7%||true|false\u00bb locked=\u00bboff\u00bb global_colors_info=\u00bb{%22gcid-b6c4f12c-f25d-4f61-9fb1-6e96404634cd%22:%91%22background_color%22%93}\u00bb][et_pb_row column_structure=\u00bb1_2,1_2&#8243; _builder_version=\u00bb4.26.0&#8243; _module_preset=\u00bba446f686-790a-4338-bf66-1746a1036e31&#8243; global_colors_info=\u00bb{}\u00bb custom_css_main_element_last_edited=\u00bbon|tablet\u00bb custom_css_main_element_tablet=\u00bbdisplay: flex;||flex-direction: column-reverse;\u00bb custom_css_main_element_phone=\u00bbdisplay: flex;||flex-direction: column-reverse;\u00bb][et_pb_column type=\u00bb1_2&#8243; _builder_version=\u00bb4.25.2&#8243; _module_preset=\u00bbdefault\u00bb global_colors_info=\u00bb{}\u00bb][et_pb_image src=\u00bbhttps:\/\/focusmediabcn.cat\/es\/wp-content\/uploads\/sites\/3\/2024\/08\/Dissenyador-grafic.jpg\u00bb alt=\u00bbFocus Media Studio\u00bb align=\u00bbcenter\u00bb force_fullwidth=\u00bbon\u00bb _builder_version=\u00bb4.27.0&#8243; _module_preset=\u00bbdefault\u00bb global_colors_info=\u00bb{}\u00bb][\/et_pb_image][\/et_pb_column][et_pb_column type=\u00bb1_2&#8243; _builder_version=\u00bb4.25.2&#8243; _module_preset=\u00bbdefault\u00bb global_colors_info=\u00bb{}\u00bb][et_pb_text _builder_version=\u00bb4.27.0&#8243; _module_preset=\u00bbdefault\u00bb header_6_text_color=\u00bbrgba(143,143,143,0.5)\u00bb header_6_font_size=\u00bb197px\u00bb custom_margin=\u00bb||-13%||false|false\u00bb custom_margin_tablet=\u00bb||-9%||false|false\u00bb custom_margin_phone=\u00bb||-15%||false|false\u00bb custom_margin_last_edited=\u00bbon|tablet\u00bb header_6_font_size_tablet=\u00bb167px\u00bb header_6_font_size_phone=\u00bb157px\u00bb header_6_font_size_last_edited=\u00bbon|phone\u00bb global_colors_info=\u00bb{}\u00bb]<h6>04<\/h6>[\/et_pb_text][et_pb_heading title=\u00bbDise\u00f1o gr\u00e1fico e ilustraci\u00f3n\u00bb _builder_version=\u00bb4.27.0&#8243; _module_preset=\u00bb9e149f27-ef10-4fb6-b50e-112a987dafec\u00bb title_font=\u00bb||||||||\u00bb title_font_size=\u00bb47px\u00bb title_font_size_tablet=\u00bb37px\u00bb title_font_size_phone=\u00bb27px\u00bb global_colors_info=\u00bb{}\u00bb][\/et_pb_heading][et_pb_text _builder_version=\u00bb4.27.0&#8243; _module_preset=\u00bbdefault\u00bb text_font=\u00bb||||||||\u00bb text_text_color=\u00bb#000000&#8243; text_font_size=\u00bb17px\u00bb text_line_height=\u00bb1.4em\u00bb header_font=\u00bb||||||||\u00bb background_size=\u00bbinitial\u00bb background_position=\u00bbtop_left\u00bb background_repeat=\u00bbrepeat\u00bb custom_margin=\u00bb||3%||false|false\u00bb animation_direction=\u00bbtop\u00bb locked=\u00bboff\u00bb global_colors_info=\u00bb{}\u00bb]<p>Transformamos la comunicaci\u00f3n visual y reflejamos la identidad corporativa de nuestros clientes a trav\u00e9s del dise\u00f1o gr\u00e1fico y la ilustraci\u00f3n. Desde el desarrollo y el dise\u00f1o de la identidad visual corporativa hasta la producci\u00f3n de contenidos multimedia, aseguramos una presencia de marca coherente y atractiva.<\/p>[\/et_pb_text][\/et_pb_column][\/et_pb_row][\/et_pb_section][et_pb_section fb_built=\u00bb1&#8243; admin_label=\u00bbServices-01&#8243; _builder_version=\u00bb4.27.0&#8243; _module_preset=\u00bbdefault\u00bb background_color=\u00bbgcid-0a16f640-0e05-464a-b04d-36bb60a3728d\u00bb background_enable_image=\u00bboff\u00bb custom_padding=\u00bb7%||7%||true|false\u00bb locked=\u00bboff\u00bb global_colors_info=\u00bb{%22gcid-0a16f640-0e05-464a-b04d-36bb60a3728d%22:%91%22background_color%22%93}\u00bb][et_pb_row column_structure=\u00bb1_2,1_2&#8243; _builder_version=\u00bb4.25.2&#8243; _module_preset=\u00bba446f686-790a-4338-bf66-1746a1036e31&#8243; global_colors_info=\u00bb{}\u00bb][et_pb_column type=\u00bb1_2&#8243; _builder_version=\u00bb4.25.2&#8243; _module_preset=\u00bbdefault\u00bb global_colors_info=\u00bb{}\u00bb][et_pb_text _builder_version=\u00bb4.27.0&#8243; _module_preset=\u00bbdefault\u00bb header_6_text_color=\u00bbrgba(143,143,143,0.5)\u00bb header_6_font_size=\u00bb197px\u00bb custom_margin=\u00bb||-13%||false|false\u00bb custom_margin_tablet=\u00bb||-9%||false|false\u00bb custom_margin_phone=\u00bb||-15%||false|false\u00bb custom_margin_last_edited=\u00bbon|tablet\u00bb header_6_font_size_tablet=\u00bb167px\u00bb header_6_font_size_phone=\u00bb157px\u00bb header_6_font_size_last_edited=\u00bbon|phone\u00bb global_colors_info=\u00bb{}\u00bb]<h6>05<\/h6>[\/et_pb_text][et_pb_heading title=\u00bbProducci\u00f3n sonora\u00bb _builder_version=\u00bb4.27.0&#8243; _module_preset=\u00bb9e149f27-ef10-4fb6-b50e-112a987dafec\u00bb title_font=\u00bb||||||||\u00bb title_text_color=\u00bb#FFFFFF\u00bb title_font_size=\u00bb47px\u00bb title_font_size_tablet=\u00bb37px\u00bb title_font_size_phone=\u00bb27px\u00bb global_colors_info=\u00bb{}\u00bb][\/et_pb_heading][et_pb_text _builder_version=\u00bb4.27.0&#8243; _module_preset=\u00bbdefault\u00bb text_font=\u00bb||||||||\u00bb text_text_color=\u00bb#FFFFFF\u00bb text_font_size=\u00bb17px\u00bb text_line_height=\u00bb1.4em\u00bb header_font=\u00bb||||||||\u00bb background_size=\u00bbinitial\u00bb background_position=\u00bbtop_left\u00bb background_repeat=\u00bbrepeat\u00bb custom_margin=\u00bb||3%||false|false\u00bb animation_direction=\u00bbtop\u00bb locked=\u00bboff\u00bb global_colors_info=\u00bb{}\u00bb]<p>Creamos y producimos pistas de audio que complementan y enriquecen la experiencia del espectador. Nos ocupamos de la conceptualizaci\u00f3n, grabaci\u00f3n, mezcla, dise\u00f1o sonoro y postproducci\u00f3n, ofreciendo una experiencia auditiva de calidad y conexi\u00f3n emocional con la audiencia, a trav\u00e9s de la producci\u00f3n sonora.<\/p>[\/et_pb_text][et_pb_button button_url=\u00bbhttps:\/\/focusmediabcn.cat\/es\/grabacion-y-produccion-de-sonido\u00bb button_text=\u00bbVer m\u00e1s\u00bb button_alignment=\u00bbleft\u00bb _builder_version=\u00bb4.27.0&#8243; _module_preset=\u00bbff86f84e-00a8-42ee-9fea-19222579455b\u00bb button_text_size=\u00bb17px\u00bb button_text_color=\u00bb#FFFFFF\u00bb button_bg_color=\u00bbRGBA(255,255,255,0)\u00bb button_font=\u00bbUxumGrotesque-Light|600|||||||\u00bb custom_padding=\u00bb1%|0px|3%|0px|false|true\u00bb button_text_size_tablet=\u00bb15px\u00bb button_text_size_phone=\u00bb15px\u00bb button_text_size_last_edited=\u00bbon|phone\u00bb locked=\u00bboff\u00bb][\/et_pb_button][\/et_pb_column][et_pb_column type=\u00bb1_2&#8243; _builder_version=\u00bb4.25.2&#8243; _module_preset=\u00bbdefault\u00bb global_colors_info=\u00bb{}\u00bb][et_pb_image src=\u00bbhttps:\/\/focusmediabcn.cat\/es\/wp-content\/uploads\/sites\/3\/2024\/08\/Estudio-de-grabacion-y-postproduccion-de-donido.jpg\u00bb alt=\u00bbFocus Medis Studio\u00bb align=\u00bbcenter\u00bb force_fullwidth=\u00bbon\u00bb _builder_version=\u00bb4.27.0&#8243; _module_preset=\u00bbdefault\u00bb global_colors_info=\u00bb{}\u00bb][\/et_pb_image][\/et_pb_column][\/et_pb_row][\/et_pb_section][et_pb_section fb_built=\u00bb1&#8243; admin_label=\u00bbServices-04&#8243; _builder_version=\u00bb4.26.0&#8243; _module_preset=\u00bbdefault\u00bb background_color=\u00bbgcid-b6c4f12c-f25d-4f61-9fb1-6e96404634cd\u00bb custom_padding=\u00bb7%||7%||true|false\u00bb locked=\u00bboff\u00bb global_colors_info=\u00bb{%22gcid-b6c4f12c-f25d-4f61-9fb1-6e96404634cd%22:%91%22background_color%22%93}\u00bb][et_pb_row column_structure=\u00bb1_2,1_2&#8243; _builder_version=\u00bb4.26.0&#8243; _module_preset=\u00bba446f686-790a-4338-bf66-1746a1036e31&#8243; global_colors_info=\u00bb{}\u00bb custom_css_main_element_last_edited=\u00bbon|tablet\u00bb custom_css_main_element_tablet=\u00bbdisplay: flex;||flex-direction: column-reverse;\u00bb custom_css_main_element_phone=\u00bbdisplay: flex;||flex-direction: column-reverse;\u00bb][et_pb_column type=\u00bb1_2&#8243; _builder_version=\u00bb4.25.2&#8243; _module_preset=\u00bbdefault\u00bb global_colors_info=\u00bb{}\u00bb][et_pb_image src=\u00bbhttps:\/\/focusmediabcn.cat\/es\/wp-content\/uploads\/sites\/3\/2024\/08\/Proyecto-de-realidad-aumentada-focus-media-studio.jpg\u00bb alt=\u00bbRealitat augmentada\u00bb align=\u00bbcenter\u00bb force_fullwidth=\u00bbon\u00bb _builder_version=\u00bb4.27.0&#8243; _module_preset=\u00bbdefault\u00bb global_colors_info=\u00bb{}\u00bb][\/et_pb_image][\/et_pb_column][et_pb_column type=\u00bb1_2&#8243; _builder_version=\u00bb4.25.2&#8243; _module_preset=\u00bbdefault\u00bb global_colors_info=\u00bb{}\u00bb][et_pb_text _builder_version=\u00bb4.27.0&#8243; _module_preset=\u00bbdefault\u00bb header_6_text_color=\u00bbrgba(143,143,143,0.5)\u00bb header_6_font_size=\u00bb197px\u00bb custom_margin=\u00bb||-13%||false|false\u00bb custom_margin_tablet=\u00bb||-9%||false|false\u00bb custom_margin_phone=\u00bb||-15%||false|false\u00bb custom_margin_last_edited=\u00bbon|tablet\u00bb header_6_font_size_tablet=\u00bb167px\u00bb header_6_font_size_phone=\u00bb157px\u00bb header_6_font_size_last_edited=\u00bbon|phone\u00bb global_colors_info=\u00bb{}\u00bb]<h6>06<\/h6>[\/et_pb_text][et_pb_heading title=\u00bbRealidad aumentada\u00bb _builder_version=\u00bb4.27.0&#8243; _module_preset=\u00bb9e149f27-ef10-4fb6-b50e-112a987dafec\u00bb title_font=\u00bb||||||||\u00bb title_font_size=\u00bb47px\u00bb title_font_size_tablet=\u00bb37px\u00bb title_font_size_phone=\u00bb27px\u00bb global_colors_info=\u00bb{}\u00bb][\/et_pb_heading][et_pb_text _builder_version=\u00bb4.27.0&#8243; _module_preset=\u00bbdefault\u00bb text_font=\u00bb||||||||\u00bb text_text_color=\u00bb#000000&#8243; text_font_size=\u00bb17px\u00bb text_line_height=\u00bb1.4em\u00bb header_font=\u00bb||||||||\u00bb background_size=\u00bbinitial\u00bb background_position=\u00bbtop_left\u00bb background_repeat=\u00bbrepeat\u00bb custom_margin=\u00bb||3%||false|false\u00bb animation_direction=\u00bbtop\u00bb locked=\u00bboff\u00bb global_colors_info=\u00bb{}\u00bb]<p>Transformamos la producci\u00f3n audiovisual convencional con servicios de realidad aumentada y mixta, integrando elementos virtuales que cautivan y sorprenden a la audiencia. Creamos experiencias inmersivas innovadoras para formaci\u00f3n, venta, eventos y redes sociales.<\/p>[\/et_pb_text][\/et_pb_column][\/et_pb_row][\/et_pb_section][et_pb_section fb_built=\u00bb1&#8243; admin_label=\u00bbServices-01&#8243; _builder_version=\u00bb4.27.0&#8243; _module_preset=\u00bbdefault\u00bb background_color=\u00bbgcid-0a16f640-0e05-464a-b04d-36bb60a3728d\u00bb background_enable_image=\u00bboff\u00bb custom_padding=\u00bb7%||7%||true|false\u00bb locked=\u00bboff\u00bb global_colors_info=\u00bb{%22gcid-0a16f640-0e05-464a-b04d-36bb60a3728d%22:%91%22background_color%22%93}\u00bb][et_pb_row column_structure=\u00bb1_2,1_2&#8243; _builder_version=\u00bb4.25.2&#8243; _module_preset=\u00bba446f686-790a-4338-bf66-1746a1036e31&#8243; global_colors_info=\u00bb{}\u00bb][et_pb_column type=\u00bb1_2&#8243; _builder_version=\u00bb4.25.2&#8243; _module_preset=\u00bbdefault\u00bb global_colors_info=\u00bb{}\u00bb][et_pb_text _builder_version=\u00bb4.27.0&#8243; _module_preset=\u00bbdefault\u00bb header_6_text_color=\u00bbrgba(143,143,143,0.5)\u00bb header_6_font_size=\u00bb197px\u00bb custom_margin=\u00bb||-13%||false|false\u00bb custom_margin_tablet=\u00bb||-9%||false|false\u00bb custom_margin_phone=\u00bb||-15%||false|false\u00bb custom_margin_last_edited=\u00bbon|tablet\u00bb header_6_font_size_tablet=\u00bb167px\u00bb header_6_font_size_phone=\u00bb157px\u00bb header_6_font_size_last_edited=\u00bbon|phone\u00bb global_colors_info=\u00bb{}\u00bb]<h6>07<\/h6>[\/et_pb_text][et_pb_heading title=\u00bbInteligencia artificial\u00bb _builder_version=\u00bb4.27.0&#8243; _module_preset=\u00bb9e149f27-ef10-4fb6-b50e-112a987dafec\u00bb title_font=\u00bb||||||||\u00bb title_text_color=\u00bb#FFFFFF\u00bb title_font_size=\u00bb47px\u00bb title_font_size_tablet=\u00bb37px\u00bb title_font_size_phone=\u00bb27px\u00bb global_colors_info=\u00bb{}\u00bb][\/et_pb_heading][et_pb_text _builder_version=\u00bb4.27.0&#8243; _module_preset=\u00bbdefault\u00bb text_font=\u00bb||||||||\u00bb text_text_color=\u00bb#FFFFFF\u00bb text_font_size=\u00bb17px\u00bb text_line_height=\u00bb1.4em\u00bb header_font=\u00bb||||||||\u00bb background_size=\u00bbinitial\u00bb background_position=\u00bbtop_left\u00bb background_repeat=\u00bbrepeat\u00bb custom_margin=\u00bb||3%||false|false\u00bb animation_direction=\u00bbtop\u00bb locked=\u00bboff\u00bb global_colors_info=\u00bb{}\u00bb]<p>Impulsamos la producci\u00f3n audiovisual con inteligencia artificial, optimizando procesos e implementando nuevas oportunidades. Personalizamos contenidos y mejoramos la calidad visual y sonora con tecnolog\u00edas avanzadas, ofreciendo soluciones innovadoras para stands y eventos corporativos.<\/p>[\/et_pb_text][\/et_pb_column][et_pb_column type=\u00bb1_2&#8243; _builder_version=\u00bb4.25.2&#8243; _module_preset=\u00bbdefault\u00bb global_colors_info=\u00bb{}\u00bb][et_pb_image src=\u00bbhttps:\/\/focusmediabcn.cat\/es\/wp-content\/uploads\/sites\/3\/2024\/08\/imagen-chip-inteligencia-artificial.jpg\u00bb alt=\u00bbintel\u00b7lig\u00e8ncia artificial\u00bb align=\u00bbcenter\u00bb force_fullwidth=\u00bbon\u00bb _builder_version=\u00bb4.27.0&#8243; _module_preset=\u00bbdefault\u00bb global_colors_info=\u00bb{}\u00bb][\/et_pb_image][\/et_pb_column][\/et_pb_row][\/et_pb_section][et_pb_section fb_built=\u00bb1&#8243; admin_label=\u00bbCall to Action\u00bb _builder_version=\u00bb4.27.0&#8243; _module_preset=\u00bb5b96a887-4b59-41f4-bed1-ea6e65369f5f\u00bb background_color=\u00bb#000000&#8243; use_background_color_gradient=\u00bbon\u00bb background_color_gradient_stops=\u00bb#1c1c1c 0%|rgba(28,28,28,0.27) 27%|rgba(28, 28, 28, 0.48) 73%|#1c1c1c 100%\u00bb background_image=\u00bbhttps:\/\/focusmediabcn.cat\/es\/wp-content\/uploads\/sites\/3\/2024\/08\/servicios-audiovisuales-produccion-audiovisual-evento-directo-sonido-evento-corporativo.jpg\u00bb background_blend=\u00bboverlay\u00bb custom_margin=\u00bb||||false\u00bb custom_padding=\u00bb7%||7%||true|false\u00bb locked=\u00bboff\u00bb collapsed=\u00bbon\u00bb global_colors_info=\u00bb{%22gcid-16f2e3f0-fa73-41d9-9389-b8ed3255b5cc%22:%91%22background_color%22%93}\u00bb][et_pb_row _builder_version=\u00bb4.26.0&#8243; _module_preset=\u00bbdefault\u00bb custom_padding=\u00bb1%||1%||true|false\u00bb global_colors_info=\u00bb{}\u00bb][et_pb_column type=\u00bb4_4&#8243; _builder_version=\u00bb4.25.1&#8243; _module_preset=\u00bbdefault\u00bb global_colors_info=\u00bb{}\u00bb][et_pb_heading title=\u00bbSERVICIOS AUDIOVISUALES\u00bb _builder_version=\u00bb4.27.0&#8243; _module_preset=\u00bb9e149f27-ef10-4fb6-b50e-112a987dafec\u00bb title_level=\u00bbh3&#8243; title_font=\u00bbUxumGrotesque-Medium|||on|||||\u00bb title_text_color=\u00bb#FFFFFF\u00bb title_font_size=\u00bb14px\u00bb title_font_size_tablet=\u00bb37px\u00bb title_font_size_phone=\u00bb27px\u00bb title_font_size_last_edited=\u00bboff|desktop\u00bb locked=\u00bboff\u00bb global_colors_info=\u00bb{}\u00bb][\/et_pb_heading][et_pb_text _builder_version=\u00bb4.27.0&#8243; _module_preset=\u00bb31918545-c554-4414-9581-e279f1a6c52f\u00bb header_font=\u00bb|300||on|||||\u00bb header_font_size=\u00bb10vw\u00bb header_2_font=\u00bbUxumGrotesque-Medium||||||||\u00bb header_2_text_color=\u00bb#FFFFFF\u00bb header_2_font_size=\u00bb7vw\u00bb custom_padding=\u00bb||3%||false|false\u00bb locked=\u00bboff\u00bb global_colors_info=\u00bb{}\u00bb]<h2>Focus Media Live<\/h2>[\/et_pb_text][et_pb_heading title=\u00bbServicios audiovisuales profesionales y tecnolog\u00eda de emisi\u00f3n para eventos de todo tipo\u00bb _builder_version=\u00bb4.27.0&#8243; _module_preset=\u00bbabf01285-0864-4e50-9f02-6d8b41c66252&#8243; title_font=\u00bbUxumGrotesque-Regular|500|||||||\u00bb title_text_align=\u00bbcenter\u00bb title_text_color=\u00bb#FFFFFF\u00bb title_font_size=\u00bb37px\u00bb scroll_fade_enable=\u00bbon\u00bb scroll_blur_enable=\u00bbon\u00bb title_font_size_tablet=\u00bb27px\u00bb title_font_size_phone=\u00bb27px\u00bb title_font_size_last_edited=\u00bbon|tablet\u00bb global_colors_info=\u00bb{}\u00bb][\/et_pb_heading][et_pb_button button_url=\u00bbhttps:\/\/focusmediabcn.cat\/es\/focus-media-live\u00bb button_text=\u00bbVer m\u00e1s\u00bb button_alignment=\u00bbcenter\u00bb _builder_version=\u00bb4.27.0&#8243; _module_preset=\u00bbff86f84e-00a8-42ee-9fea-19222579455b\u00bb button_text_size=\u00bb17px\u00bb button_text_color=\u00bb#FFFFFF\u00bb button_bg_color=\u00bbRGBA(255,255,255,0)\u00bb button_font=\u00bbUxumGrotesque-Light|600|||||||\u00bb button_text_size_tablet=\u00bb15px\u00bb button_text_size_phone=\u00bb15px\u00bb button_text_size_last_edited=\u00bbon|phone\u00bb locked=\u00bboff\u00bb][\/et_pb_button][\/et_pb_column][\/et_pb_row][\/et_pb_section]\n","protected":false},"excerpt":{"rendered":"<p>Producci\u00f3n audiovisual en BarcelonaSu producci\u00f3n en las mejores manos Damos un conjunto de servicios integrados que se resumen en una soluci\u00f3n completa para cualquier necesidad audiovisual, desde la conceptualizaci\u00f3n hasta la producci\u00f3n y postproducci\u00f3n, garantizando la m\u00e1xima calidad e innovaci\u00f3n en cada proyecto.Trabajamos con agencias, productores de TV y documentales, empresas y medios, ofreciendo nuestros [&hellip;]<\/p>\n","protected":false},"author":1,"featured_media":10164,"parent":0,"menu_order":0,"comment_status":"closed","ping_status":"closed","template":"","meta":{"_et_pb_use_builder":"on","_et_pb_old_content":"","_et_gb_content_width":"","footnotes":""},"class_list":["post-9120","page","type-page","status-publish","has-post-thumbnail","hentry"],"_links":{"self":[{"href":"https:\/\/focusmediabcn.cat\/es\/wp-json\/wp\/v2\/pages\/9120","targetHints":{"allow":["GET"]}}],"collection":[{"href":"https:\/\/focusmediabcn.cat\/es\/wp-json\/wp\/v2\/pages"}],"about":[{"href":"https:\/\/focusmediabcn.cat\/es\/wp-json\/wp\/v2\/types\/page"}],"author":[{"embeddable":true,"href":"https:\/\/focusmediabcn.cat\/es\/wp-json\/wp\/v2\/users\/1"}],"replies":[{"embeddable":true,"href":"https:\/\/focusmediabcn.cat\/es\/wp-json\/wp\/v2\/comments?post=9120"}],"version-history":[{"count":0,"href":"https:\/\/focusmediabcn.cat\/es\/wp-json\/wp\/v2\/pages\/9120\/revisions"}],"wp:featuredmedia":[{"embeddable":true,"href":"https:\/\/focusmediabcn.cat\/es\/wp-json\/"}],"wp:attachment":[{"href":"https:\/\/focusmediabcn.cat\/es\/wp-json\/wp\/v2\/media?parent=9120"}],"curies":[{"name":"wp","href":"https:\/\/api.w.org\/{rel}","templated":true}]}}